{"id":7,"date":"2019-03-22T09:48:22","date_gmt":"2019-03-22T09:48:22","guid":{"rendered":"http:\/\/lavantgarde.ch\/?page_id=7"},"modified":"2026-02-06T08:52:15","modified_gmt":"2026-02-06T08:52:15","slug":"la-societe","status":"publish","type":"page","link":"https:\/\/lavantgarde.ch\/?page_id=7","title":{"rendered":"La soci\u00e9t\u00e9"},"content":{"rendered":"\n<h3 class=\"wp-block-heading has-text-align-center\"><strong>\u201cL\u2019Avant-Garde\u201c&nbsp;: une soci\u00e9t\u00e9 vivante&nbsp;<\/strong><\/h3>\n\n\n\n<h4 class=\"wp-block-heading\">Bref historique :<\/h4>\n\n\n\n<h3 class=\"wp-block-heading\"><strong>Le tir en pays neuch\u00e2telois<\/strong><\/h3>\n\n\n\n<p class=\"has-text-align-left wp-block-paragraph\">Les premi\u00e8res soci\u00e9t\u00e9s de tir remontent au temps de la  principaut\u00e9, des documents de 1406 en t\u00e9moignent. Depuis cette \u00e9poque, elles ont toujours prosp\u00e9r\u00e9es et leur  d\u00e9veloppement a march\u00e9 parall\u00e8lement avec celui des libert\u00e9s.<\/p>\n\n\n\n<p class=\"has-text-align-left wp-block-paragraph\">Le 18 mars 1849, 32 patriotes de la toute jeune r\u00e9publique,  d\u00e9l\u00e9gu\u00e9s de tous es districts, fond\u00e8rent \u00e0 l\u2019H\u00f4tel de ville de Neuch\u00e2tel la \u201cSoci\u00e9t\u00e9  Cantonale des Carabiniers Neuch\u00e2telois\u201c. Elle organisa des tirs cantonaux en  1849, 1850 et 1854 et demanda pour le canton de Neuch\u00e2tel l\u2019organisation des  tirs f\u00e9d\u00e9raux de 1851 et 1861, sans succ\u00e8s.<\/p>\n\n\n\n<p class=\"has-text-align-left wp-block-paragraph\">Sous l\u2019impulsion des \u201cArmes R\u00e9unies\u201c de la Chaux-de-Fonds,  le 23 octobre 1881, une assembl\u00e9e r\u00e9unissant \u00e0 Corcelles 25 soci\u00e9t\u00e9s de tir du  canton cr\u00e9a la \u201cSoci\u00e9t\u00e9 Cantonale Neuch\u00e2teloise de Tir\u201c (SCNT).<\/p>\n\n\n\n<p class=\"has-text-align-left wp-block-paragraph\"> En 2003 la \u201cSoci\u00e9t\u00e9 Neuch\u00e2teloise de Tir Sportif\u201c (SNTS) est  n\u00e9e. Elle est issue de la fusion de la SCNT, de la \u201cSoci\u00e9t\u00e9 Cantonale des Tireurs  Sportifs\u201c fond\u00e9e en 1947 et de \u201cL\u2019Association Cantonale des Matcheurs\u201c fond\u00e9e  en 1930.<\/p>\n\n\n\n<h3 class=\"wp-block-heading\"><strong>Le tir f\u00e9d\u00e9ral de 1898<\/strong><\/h3>\n\n\n\n<p class=\"has-text-align-left wp-block-paragraph\"> Il a lieu \u00e0 Neuch\u00e2tel du 15 juin au 28 juillet 1898. Apr\u00e8s  le coup de canon, les tirs commencent. Chaque tireur a, pr\u00e8s de lui, un servant  qui recharge l\u2019arme<br>et en refroidit le canon \u00e0 l\u2019eau glac\u00e9e.<\/p>\n\n\n\n<p class=\"has-text-align-left wp-block-paragraph\">Diff\u00e9rentes soci\u00e9t\u00e9s du vallon y participent avec de  nombreux tireurs&nbsp;:<br><br>&#8211; Les Bayards  &#8212;  Soci\u00e9t\u00e9 \u201cR\u00e9cr\u00e9ation\u201c  &#8212;  14 tireurs<br>&#8211; Fleurier  &#8212;  Soci\u00e9t\u00e9 \u00ab\u00a0Amis du Tir\u00a0\u00bb  &#8212;  20 tireurs<br>&#8211; Les Verri\u00e8res  &#8212;  Soci\u00e9t\u00e9 \u00ab\u00a0Extr\u00eame Fronti\u00e8re\u00a0\u00bb  &#8212;  30 tireur<br>&#8211; Travers  &#8212;  Soci\u00e9t\u00e9 \u00ab\u00a0Aux Armes de Guerre\u00a0\u00bb  &#8212;  26 tireurs<\/p>\n\n\n\n<p class=\"has-text-align-left wp-block-paragraph\">La soci\u00e9t\u00e9 de tir au revolver du Val-de-Travers de M\u00f4tiers  participe avec un groupe \u00e0 50 m. On mentionne les noms de A. Barrelet, Ed.  Mauler et Von B\u00fcren de M\u00f4tiers et L\u00e9on Vaucher de Buttes. Au palmar\u00e8s, on rel\u00e8ve les noms de Fran\u00e7ois Mauler de  M\u00f4tiers et J\u00e4mes Vaucher de Buttes.<\/p>\n\n\n\n<p class=\"has-text-align-left wp-block-paragraph\"> Le 18 juillet 1898, Gottfried Stalder de Travers gagne une  montre et une coupe. Le 19 juillet 1898, Albert Haag de Travers gagne une  montre en argent. C\u2019est \u00e0 la suite de ce tir f\u00e9d\u00e9ral que fut fond\u00e9e \u201cL\u2019Avant-Garde\u00a0\u00bb<br><\/p>\n\n\n\n<h3 class=\"wp-block-heading\"><strong>\u201cL\u2019Avant-Garde\u201c : Pr\u00e9sentation <\/strong><\/h3>\n\n\n\n<p class=\"wp-block-paragraph\">Notre soci\u00e9t\u00e9 \u201cL\u2019Avant-Garde\u201c a vu le jour apr\u00e8s le tir  f\u00e9d\u00e9ral de 1898. Le premier r\u00e8glement date du 1er avril 1898 et a \u00e9t\u00e9  sanctionn\u00e9 par le Conseil d\u2019\u00e9tat de la r\u00e9publique et canton de Neuch\u00e2tel le 6  septembre 1898.<\/p>\n\n\n\n<p class=\"wp-block-paragraph\">La soci\u00e9t\u00e9 a commenc\u00e9 officiellement ses activit\u00e9s en 1899. Malheureusement,  aucun document ant\u00e9rieur \u00e0 1927 n\u2019a \u00e9t\u00e9 retrouv\u00e9.<\/p>\n\n\n\n<p class=\"wp-block-paragraph\">En 1926, \u201cL\u2019Avant-Garde\u201c inaugure sa banni\u00e8re actuelle.<\/p>\n\n\n\n<p class=\"wp-block-paragraph\">Le 13 f\u00e9vrier 1932, \u201cL\u2019Avant-Garde\u201c se donne un nouveau  r\u00e8glement qui est sanctionn\u00e9 par le d\u00e9partement militaire le 26 mai 1932.<\/p>\n\n\n\n<p class=\"wp-block-paragraph\">Le samedi 29 octobre 1949, \u201cL\u2019Avant-Garde\u201c f\u00eate son  50\u00e8me anniversaire.<\/p>\n\n\n\n<figure class=\"wp-block-image\"><img loading=\"lazy\" decoding=\"async\" width=\"700\" height=\"440\" src=\"https:\/\/lavantgarde.ch\/wp-content\/uploads\/2019\/03\/photo_50eme.jpg\" alt=\"\" class=\"wp-image-11\" srcset=\"https:\/\/lavantgarde.ch\/wp-content\/uploads\/2019\/03\/photo_50eme.jpg 700w, https:\/\/lavantgarde.ch\/wp-content\/uploads\/2019\/03\/photo_50eme-300x189.jpg 300w\" sizes=\"auto, (max-width: 700px) 100vw, 700px\" \/><figcaption class=\"wp-element-caption\"><br>Photo du 50\u00e8me anniversaire<\/figcaption><\/figure>\n\n\n\n<p class=\"wp-block-paragraph\">Avec la participation d\u2019une grande partie des membres  maniant pelles, pioches et brouettes, ils construisent en 1950 une ligne de tir  \u00e0 50 m. Celui qui ne participe pas aux travaux devra verser \u00e0 la caisse  l\u2019\u00e9quivalant de 10 heures de travail \u00e0 Fr. 5.- de l\u2019heure. Le 12 avril 1951, le  feu vert est donn\u00e9 par l\u2019officier f\u00e9d\u00e9ral de tir.<\/p>\n\n\n\n<p class=\"wp-block-paragraph\">Dans le cadre des autres soci\u00e9t\u00e9s de tir du village, une  fusion intervient le 10 avril 1962 entre les \u201cArmes de Guerre\u201c et le \u201cTir en  Campagne\u201c. Cette nouvelle soci\u00e9t\u00e9 portera le nom de \u201cLa D\u00e9tente\u201c et son premier  pr\u00e9sident fut M. Fritz Grandjean.<\/p>\n\n\n\n<p class=\"wp-block-paragraph\">Le 6 avril 1965, une autre fusion a lieu entre \u201cL\u2019Avant-Garde\u201c  et \u201cLa D\u00e9tente\u201c et fonde la soci\u00e9t\u00e9 de tir \u201cTravers\u201c avec 2 section, \u201cla  D\u00e9tente\u201c pour le tir militaire et \u201cL\u2019Avant-Garde\u201c pour le tir sportif.<\/p>\n\n\n\n<p class=\"wp-block-paragraph\">En 1987, la soci\u00e9t\u00e9 de tir \u201cTravers\u201c redevient \u201cL\u2019Avant-Garde\u201c.<\/p>\n\n\n\n<p class=\"wp-block-paragraph\">En 1999, la soci\u00e9t\u00e9 f\u00eate son Centenaire.<\/p>\n\n\n\n<figure class=\"wp-block-image\"><img loading=\"lazy\" decoding=\"async\" width=\"700\" height=\"428\" src=\"https:\/\/lavantgarde.ch\/wp-content\/uploads\/2019\/03\/photo_100eme.jpg\" alt=\"\" class=\"wp-image-12\" srcset=\"https:\/\/lavantgarde.ch\/wp-content\/uploads\/2019\/03\/photo_100eme.jpg 700w, https:\/\/lavantgarde.ch\/wp-content\/uploads\/2019\/03\/photo_100eme-300x183.jpg 300w\" sizes=\"auto, (max-width: 700px) 100vw, 700px\" \/><figcaption class=\"wp-element-caption\">Photo du 100\u00e8me anniversaire<\/figcaption><\/figure>\n\n\n\n<p class=\"wp-block-paragraph\"><strong>Les Pr\u00e9sidents<\/strong>&nbsp;:&nbsp;<br><br>          1898  &#8212;  BLANC Ch. E.<br>               ?<br>    1928-1929  &#8212;  ROMANG Auguste<br>    1930-1962  &#8212;  KUBLER Fritz<br>    1963-1988  &#8212;  KRUGEL Marcel<br>    1989-1991  &#8212;  KRUGER Andr\u00e9<br>    1992-1995  &#8212;  VUILLE Jacques-Andr\u00e9<br>    1996-2007  &#8212;  JOYE Nicolas<br>2008-ad.int\u00e9rim  &#8212;  GONZALEZ Jos\u00e9-Maria<br>    2009-2013  &#8212;  MONNET Jean-Michel<br>  Depuis 2013  &#8212;  JOYE Nicolas<\/p>\n\n\n\n<figure class=\"wp-block-image is-resized\"><img loading=\"lazy\" decoding=\"async\" width=\"1000\" height=\"524\" src=\"https:\/\/lavantgarde.ch\/wp-content\/uploads\/2019\/03\/Marcel-andr\u00e9-Kruger-1.jpg\" alt=\"\" class=\"wp-image-14\" style=\"width:658px;height:344px\" srcset=\"https:\/\/lavantgarde.ch\/wp-content\/uploads\/2019\/03\/Marcel-andr\u00e9-Kruger-1.jpg 1000w, https:\/\/lavantgarde.ch\/wp-content\/uploads\/2019\/03\/Marcel-andr\u00e9-Kruger-1-300x157.jpg 300w, https:\/\/lavantgarde.ch\/wp-content\/uploads\/2019\/03\/Marcel-andr\u00e9-Kruger-1-768x402.jpg 768w\" sizes=\"auto, (max-width: 767px) 89vw, (max-width: 1000px) 54vw, (max-width: 1071px) 543px, 580px\" \/><figcaption class=\"wp-element-caption\">Marcel KRUGEL &#8211; Pr\u00e9sident de 1963 \u00e0 1988                                      Andr\u00e9 KRUGEL &#8211; Pr\u00e9sident de 1963 \u00e0 1988<\/figcaption><\/figure>\n\n\n\n<h3 class=\"wp-block-heading\"><strong> Les statuts<\/strong><\/h3>\n\n\n\n<p class=\"wp-block-paragraph\">Les derniers statuts de la soci\u00e9t\u00e9 datent du 31 janvier 1987.  Ils devront&nbsp; faire l\u2019objet ces prochaines  ann\u00e9es d\u2019une r\u00e9vision compl\u00e8te, \u00e9tant donn\u00e9 que nos activit\u00e9s ont beaucoup  chang\u00e9e avec la disparition de l\u2019activit\u00e9 de tir \u00e0 300 m\u00e8tres.<\/p>\n\n\n\n<h3 class=\"wp-block-heading\"><strong>Les Abbayes<\/strong><\/h3>\n\n\n\n<p class=\"wp-block-paragraph\">Ancienne Abbaye, Nouvelle Abbaye, Tir  Militaire<br><br>Les Abbayes de Travers sont \u00e0 l\u2019origine du tir dans notre  village. La Noble Corporation des Abbayes de Travers, fond\u00e9e en 1606, a f\u00eat\u00e9  son 400\u00e8me anniversaire le 4 juin 2006. Cette date restera grav\u00e9e  dans les m\u00e9moires en raison de le fermeture de la ligne de tir \u00e0 300 m\u00e8tres,  ceci par application de l\u2019ordonnance f\u00e9d\u00e9rale contre le bruit (OPB).<br><br> Ce 4 juin aurait pu \u00eatre le 400\u00e8me et dernier tir des  Abbayes sur sol Traversin, mais c\u2019\u00e9tait sans compter sur la t\u00e9nacit\u00e9 du&nbsp; comit\u00e9 et plus particuli\u00e8rement de son pr\u00e9sident,  qui firent valoir, aupr\u00e8s du Conseil&nbsp;  d\u2019Etat, leur droit et l\u2019histoire de cette noble corporation. D\u00e8s lors,  le Conseil d\u2019Etat autorisa une journ\u00e9e de tir annuel pour continuer de  perp\u00e9tuer les traditions.<br><br>Le comit\u00e9 actuel n\u2019est pas sans rappeler nos pr\u00e9d\u00e9cesseurs,  et un \u00e9pisode historique des Abbayes de Travers m\u00e9rite d\u2019\u00eatre relev\u00e9 :<\/p>\n\n\n\n<p class=\"wp-block-paragraph\">\u00ab En 1860, un peu avant l\u2019inauguration du chemin de fer  Franco-Suisse, une course d\u2019essai, comprenant les notabilit\u00e9s de la Compagnie,  avait lieu de Neuch\u00e2tel \u00e0 Pontarlier. Le train passa sans encombre le matin \u00e0  Travers, mais il ne devait pas en \u00eatre de m\u00eame l\u2019apr\u00e8s-midi. Le trac\u00e9 de la  ligne passait entre l\u2019ancien stand et les cibles, et les r\u00e9clamations de  l\u2019Abbaye, pour obtenir une indemnit\u00e9, n\u2019avaient abouti jusqu\u2019alors qu\u2019\u00e0 des  r\u00e9ponses dilatoires.\u00bb<br><br>\u00ab Le capitaine de carabiniers, Jules Erbeau, fit assembler  les Soci\u00e9t\u00e9s de tir aussit\u00f4t qu\u2019il eut appris le passage du train, et il fut  d\u00e9cid\u00e9 qu\u2019un tir nourri devait \u00eatre organis\u00e9 l\u2019apr\u00e8s-midi en avertissant le garde-barri\u00e8re  en faction du c\u00f4t\u00e9 de Couvet de donner le signal d\u2019arr\u00eat lors de son retour.\u00bb<br><br>\u00ab Bient\u00f4t apr\u00e8s, le sifflet strident de la locomotive  retentit, mais les tireurs semblent ne pas l\u2019entendre et redoublent leur  fusillade. \u00bb<br><br>\u00ab Que faire ? Force est au train de parlementer et le  colonel Jules Philippin \u2013 qui \u00e9tait l\u2019avocat de la Compagnie \u2013 vint&nbsp; trouver le capitaine Jules Erbeau au stand :<br>      -Voyons, lui dit-il, faites cesser le feu, nous voulons  passer. <br>      &#8211; Pas avant que vous ayez fait droit \u00e0 nos justes  r\u00e9clamations, lui r\u00e9pond<br>         fi\u00e8rement Erbeau.<br><br> Un colloque anim\u00e9 se poursuit au bruit du cr\u00e9pitement des  balles entre les deux Jules\u2026. Le colonel Philippin dut capituler ; il s\u2019engagea  au nom de la Compagnie du chemin de fer \u00e0 payer une indemnit\u00e9 \u00e0 l\u2019Abbaye pour  le d\u00e9placement du stand. Le colonel avait \u00e9t\u00e9 battu par le capitaine ! \u00bb<br>(P.-A Piaget, Notes sur quelques abbayes, 1892).<\/p>\n\n\n<div class=\"wp-block-image\">\n<figure class=\"aligncenter\"><img loading=\"lazy\" decoding=\"async\" width=\"322\" height=\"347\" src=\"https:\/\/lavantgarde.ch\/wp-content\/uploads\/2019\/03\/andre_wenger.jpg\" alt=\"\" class=\"wp-image-15\" srcset=\"https:\/\/lavantgarde.ch\/wp-content\/uploads\/2019\/03\/andre_wenger.jpg 322w, https:\/\/lavantgarde.ch\/wp-content\/uploads\/2019\/03\/andre_wenger-278x300.jpg 278w\" sizes=\"auto, (max-width: 322px) 100vw, 322px\" \/><figcaption class=\"wp-element-caption\">Andr\u00e9 WENGER, secr\u00e9taire au comit\u00e9 de l&rsquo;Avant-Garde pendant plus de 30 ans<\/figcaption><\/figure>\n<\/div>\n\n\n<h3 class=\"wp-block-heading\"><strong>Le stand de tir<\/strong><\/h3>\n\n\n\n<p class=\"wp-block-paragraph\">Le stand actuel est la propri\u00e9t\u00e9 de La Noble Corporation des  Abbayes, mais une grande partie de l\u2019entretien et du d\u00e9veloppement du stand  pour le tir sportif est le fait de \u201cL\u2019Avant-Garde\u201c et de ses membres.<br><br>L\u2019emplacement du tir existait en cet endroit depuis 1769,  soit \u00e0 l\u2019est du ch\u00e2teau, le tir ayant lieu du sud au nord. Depuis 1861, le  stand fut transport\u00e9 au nord de la voie ferr\u00e9e. Les tirs \u00e9taient dans le d\u00e9but  de ce si\u00e8cle et jusque vers 1870 la f\u00eate au village.\u00ab A Travers, dit un proc\u00e8s-verbal ant\u00e9rieur \u00e0 1860, les  jours de tir ont une importance telle qu\u2019ils font \u00e9poque dans l\u2019ann\u00e9e et que  toute la population y prend part. \u00bb<br><br>Le 19 mars 1927, une convention est&nbsp; sign\u00e9e entre La Noble Corporation des Abbayes&nbsp; de Travers et Monsieur William BLASER,  agriculteur \u00e0 la Jotte. Il est convenu que Monsieur Blaser laisse aux Abbayes  le terrain servant de butte pour le tir \u00e0 300 m.<br><br>Gr\u00e2ce \u00e0 de g\u00e9n\u00e9reux donateurs, \u00e0 une participation de la  commune et \u00e0 la souscription de part de Fr. 1\u2019000.- aupr\u00e8s des membres, quatre  cibles \u00e9lectroniques \u00e0 300 m\u00e8tres sont install\u00e9es en 1987.<br><br>En 1998 pour le tir cantonal neuch\u00e2telois, \u201cL\u2019Avant-Garde\u201c  construit \u00e0 l\u2019ouest du stand une ligne de tir \u00e0 25 m. Le chariot d\u2019occasion  datant de plusieurs dizaine d\u2019ann\u00e9es a \u00e9t\u00e9 offert par la soci\u00e9t\u00e9 de tir de  Versoix, ces derniers changeant leurs installations.<\/p>\n\n\n\n<p class=\"wp-block-paragraph\"><\/p>\n\n\n<div class=\"wp-block-image\">\n<figure class=\"aligncenter is-resized\"><img loading=\"lazy\" decoding=\"async\" width=\"851\" height=\"1024\" src=\"https:\/\/lavantgarde.ch\/wp-content\/uploads\/2019\/03\/Logo-Avant-Garde-1-851x1024.jpg\" alt=\"\" class=\"wp-image-16\" style=\"width:342px;height:411px\" srcset=\"https:\/\/lavantgarde.ch\/wp-content\/uploads\/2019\/03\/Logo-Avant-Garde-1-851x1024.jpg 851w, https:\/\/lavantgarde.ch\/wp-content\/uploads\/2019\/03\/Logo-Avant-Garde-1-249x300.jpg 249w, https:\/\/lavantgarde.ch\/wp-content\/uploads\/2019\/03\/Logo-Avant-Garde-1-768x924.jpg 768w\" sizes=\"auto, (max-width: 767px) 89vw, (max-width: 1000px) 54vw, (max-width: 1071px) 543px, 580px\" \/><figcaption class=\"wp-element-caption\">Embl\u00eame officiel de la soci\u00e9t\u00e9 <\/figcaption><\/figure>\n<\/div>\n\n\n<p class=\"wp-block-paragraph\"> La mise \u00e0 l\u2019enqu\u00eate des plans am\u00e8ne certains voisins \u00e0  s\u2019opposer \u00e0 cette construction. Nous obtenons gain de cause, mais le stand  devra \u00eatre mis en conformit\u00e9 avec l\u2019ordonnance f\u00e9d\u00e9rale contre le bruit d\u2019ici  2002. Cela implique de tr\u00e8s gros investissements et, malheureusement, une aide  communale est refus\u00e9e en votation par la population du village.<br><br>Des travaux sont tout de m\u00eame entrepris \u00e0 l\u2019int\u00e9rieur du  stand, une paroi antibruit et des buttes en terre sont construites. Il s\u2019av\u00e8re  que ces travaux enti\u00e8rement pay\u00e9s par \u201cL\u2019Avant-Garde\u201c sont insuffisants. Malgr\u00e9  tous les efforts et investissements consentis, la ligne de tir \u00e0 300 m\u00e8tres ferma  au 31 d\u00e9cembre 2006. Fleurier et Couvet connurent le m\u00eame sort.<br><br>La ligne de tir 300 m\u00e8tres \u00e9tant ferm\u00e9e, notre soci\u00e9t\u00e9,  gr\u00e2ce \u00e0 sa t\u00e9nacit\u00e9 et \u00e0 son travail obtient par le Conseil d\u2019Etat,  l\u2019autorisation de continuer de pratiquer le tir au pistolet \u00e0 25 m\u00e8tres et 50  m\u00e8tres (petit et gros calibre) dans son stand.<br><br>Oscar Huguenin (1842-1903) d\u00e9dia aux Traversins ce quatrain  dans sa fameuse s\u00e9rie de cartes postales des localit\u00e9s neuch\u00e2teloises :<br>                      C\u2019est connu, les gens de Travers <br>                      Vieux champions de la R\u00e9publique, <br>                      Loin d\u2019avoir l\u2019esprit de travers, <br>                      L\u2019ont droit, vif, prompt \u00e0 la r\u00e9plique.<\/p>\n\n\n\n<p class=\"wp-block-paragraph\"> D\u00e8s lors, un nouveau comit\u00e9 se mit en place afin de  d\u00e9velopper encore plus le tir au pistolet \u00e0 Travers et au Val-de-Travers, ceci  d\u2019autant plus que pour le district, seul deux stand 25 m\u00e8tres existent encore,  soit Les Verri\u00e8res et Travers.<br><br>Il fallut tout d\u2019abord remotiver les troupes apr\u00e8s ce coup  de massue, ce fut chose faite entre 2008 et 2010 et notre soci\u00e9t\u00e9 compte  aujourd\u2019hui plus de 30 membres. Il est vrai qu\u2019auparavant notre soci\u00e9t\u00e9 a  compt\u00e9 38 membres actifs et 13 jeunes tireurs (chiffres de 1996 \u00e0 2006), mais  avec un nombre plus importants de tireurs au fusil qu&rsquo;au pistolet.<\/p>\n\n\n\n<h3 class=\"wp-block-heading\"><strong>Rapport d&rsquo;activit\u00e9s<\/strong><\/h3>\n\n\n\n<p class=\"wp-block-paragraph\">Depuis 1939, \u201cL\u2019Avant-Garde\u201c  a particip\u00e9 \u00e0 tous les tirs f\u00e9d\u00e9raux et cantonaux ainsi qu\u2019\u00e0 de nombreux tirs  comm\u00e9moratifs. De chaque participation, il en ressort des souvenirs  inoubliables de camaraderie et de franche amiti\u00e9.<br><br>La participation au tir f\u00e9d\u00e9ral de Coire en 1949 restera  grav\u00e9e dans la m\u00e9moire des participants ; il en va de m\u00eame pour ceux qui ont  fait le d\u00e9placement en 1998 au tir comm\u00e9moratif du Gr\u00fctli et en 1999 au tir  historique de Morgaten.<br><br>Depuis 1992, nous organisons un tir populaire appel\u00e9 le&nbsp; \u201cTir du Val d\u2019Areuse\u201c. Les participants  avaient jusqu\u2019en 2006 la possibilit\u00e9 de tirer \u00e0 300 m\u00e8tres et \u00e0 50 et 25 m\u00e8tres.  Depuis 2006, cette manifestation n\u2019a lieu qu\u2019\u00e0 50 et 25 m\u00e8tres. Cette  manifestation \u00e0 f\u00eat\u00e9 sa 20\u00e8me \u00e9dition en 2011.<br><br>Concernant ce \u201cTir du Val d\u2019Areuse\u201c, le comit\u00e9  d\u2019organisation s\u2019efforce de le maintenir attractif en trouvant des distinctions  sp\u00e9ciales, telles que couteau suisse, tir bouchon en forme de cartouche, produits  du terroir, etc. L\u2019ann\u00e9e du 19\u00e8me tir, ce fut un verre \u00e0 absinthe, et  pour le 20\u00e8me anniversaire, une magnifique cuill\u00e8re pour  l\u2019accompagner.<\/p>\n\n\n\n<p class=\"wp-block-paragraph\">Nous avons accueilli \u00e0 Travers plus de 300 tireurs lors de  nos plus belles ann\u00e9es. Le comit\u00e9 se r\u00e9unit une fois par mois pour la gestion  de la soci\u00e9t\u00e9. En plus de cette r\u00e9union mensuelle, le&nbsp; comit\u00e9 et les membres se r\u00e9unissent pour effectuer  des travaux d\u2019entretien et de mise en ordre de ses locaux.<\/p>\n\n\n<div class=\"wp-block-image\">\n<figure class=\"aligncenter\"><img loading=\"lazy\" decoding=\"async\" width=\"200\" height=\"291\" src=\"https:\/\/lavantgarde.ch\/wp-content\/uploads\/2019\/03\/nicolas.jpg\" alt=\"\" class=\"wp-image-19\"\/><figcaption class=\"wp-element-caption\">Nicolas Joye<br>Pr\u00e9sident de 1996 \u00e0 2007 et de 2013 \u00e0 ce jour<br>R\u00e9dacteur du pr\u00e9sent historique<\/figcaption><\/figure>\n<\/div>\n\n\n<p class=\"wp-block-paragraph\"> \u201cL\u2019Avant-Garde\u201c offre une possibilit\u00e9 d\u2019entra\u00eenement le plus  large possible pour permettre \u00e0 ses membres de s\u2019entra\u00eener et d\u2019effectuer les  concours propos\u00e9s. Le lundi soir, c\u2019est le soir des jeunes. Un instructeur se  charge de leur formation, allant du mental aux disciplines de l\u2019Union  Internationale de Tir. Les vendredi soir et samedi matin, les soci\u00e9taires  peuvent s\u2019entra\u00eener au petit calibre.<br><br>Nous avons \u00e9galement 18 s\u00e9ances de tir au gros calibre, ce  qui permet \u00e0 tous les membres de participer aux diff\u00e9rents concours. La soci\u00e9t\u00e9  participe au championnat Suisse de groupe, chaque ann\u00e9e, avec un groupe \u00e0 la  finale cantonale.<br><br>Font \u00e9galement partie des concours: le championnat Suisse de  section, le concours F\u00e9d\u00e9ral au pistolet et le concours \u201cVancouver\u201c organis\u00e9 par  la section Suisse au Canada. Nous participons \u00e9galement au tir f\u00eate d\u2019autres soci\u00e9t\u00e9s  en Suisse. Les tirs cantonaux et f\u00e9d\u00e9raux font \u00e9galement partie de nos sorties.<br><br>La saison est cl\u00f4tur\u00e9e par un tir. Une joute amicale, qui a  pour but de convier les membres et leur famille \u00e0 une journ\u00e9e de convivialit\u00e9. &#8211;<br><\/p>\n\n\n<div class=\"wp-block-image\">\n<figure class=\"aligncenter\"><img loading=\"lazy\" decoding=\"async\" width=\"281\" height=\"327\" src=\"https:\/\/lavantgarde.ch\/wp-content\/uploads\/2019\/03\/gaston_hamel.jpg\" alt=\"\" class=\"wp-image-20\" srcset=\"https:\/\/lavantgarde.ch\/wp-content\/uploads\/2019\/03\/gaston_hamel.jpg 281w, https:\/\/lavantgarde.ch\/wp-content\/uploads\/2019\/03\/gaston_hamel-258x300.jpg 258w\" sizes=\"auto, (max-width: 281px) 100vw, 281px\" \/><figcaption class=\"wp-element-caption\">Gaston HAMEL<br>Membre d&rsquo;Honneur<br>Membre Actif de 1931 \u00e0 2010<\/figcaption><\/figure>\n<\/div>\n\n\n<h3 class=\"wp-block-heading\"><strong>Les organes de la soci\u00e9t\u00e9<\/strong><\/h3>\n\n\n\n<p class=\"wp-block-paragraph\">Notre soci\u00e9t\u00e9 se pr\u00e9sente dans un style tout \u00e0 fait traditionnel. Nous avons :             <\/p>\n\n\n\n<ul class=\"wp-block-list\">\n<li>Un comit\u00e9<\/li>\n\n\n\n<li>Des membres \u00ab\u00a0Actifs\u00a0\u00bb<\/li>\n\n\n\n<li>Des membres \u00ab\u00a0Passifs\u00a0\u00bb<\/li>\n\n\n\n<li>Des membres \u00ab\u00a0Honoraires\u00a0\u00bb<\/li>\n\n\n\n<li>Des membres \u00ab\u00a0d&rsquo;Honneur\u00a0\u00bb<\/li>\n<\/ul>\n\n\n\n<p class=\"wp-block-paragraph\"><strong>Le comit\u00e9<\/strong><\/p>\n\n\n\n<p class=\"wp-block-paragraph\">Il s\u2019occupe de la bonne marche de la soci\u00e9t\u00e9 et  prend les d\u00e9cisions y relatif. Il est, en principe, compos\u00e9 de 9  personnes. Le comit\u00e9 est convoqu\u00e9 en moyenne tous les 30 \u00e0 50 jours, selon les saisons,  lorsqu\u2019il y  a des d\u00e9cisions importantes \u00e0 prendre ou des manifestations \u00e0 organiser. <\/p>\n\n\n\n<p class=\"wp-block-paragraph\"><strong>L\u2019assembl\u00e9e g\u00e9n\u00e9rale avec TOUS les membres<\/strong><\/p>\n\n\n\n<p class=\"wp-block-paragraph\">Elle est convoqu\u00e9e chaque fois que c\u2019est n\u00e9cessaire pour  la bonne marche de la soci\u00e9t\u00e9. Elle d\u00e9cide sur les propositions du  comit\u00e9 et est convoqu\u00e9e au minimum une fois par ann\u00e9e. Elle a donc tous pouvoirs de d\u00e9cisions.<\/p>\n\n\n\n<figure class=\"wp-block-table alignleft is-style-regular\"><table class=\"has-fixed-layout\"><tbody><tr><td> <br>      <br><\/td><\/tr><\/tbody><\/table><\/figure>\n\n\n\n<h2 class=\"wp-block-heading\"><br><\/h2>\n","protected":false},"excerpt":{"rendered":"<p>\u201cL\u2019Avant-Garde\u201c&nbsp;: une soci\u00e9t\u00e9 vivante&nbsp; Bref historique : Le tir en pays neuch\u00e2telois Les premi\u00e8res soci\u00e9t\u00e9s de tir remontent au temps de la principaut\u00e9, des documents de 1406 en t\u00e9moignent. Depuis cette \u00e9poque, elles ont toujours prosp\u00e9r\u00e9es et leur d\u00e9veloppement a march\u00e9 parall\u00e8lement avec celui des libert\u00e9s. Le 18 mars 1849, 32 patriotes de la toute &hellip; <\/p>\n<p class=\"link-more\"><a href=\"https:\/\/lavantgarde.ch\/?page_id=7\" class=\"more-link\">Continuer la lecture<span class=\"screen-reader-text\"> de &laquo;&nbsp;La soci\u00e9t\u00e9&nbsp;&raquo;<\/span><\/a><\/p>\n","protected":false},"author":1,"featured_media":0,"parent":0,"menu_order":0,"comment_status":"closed","ping_status":"closed","template":"","meta":{"footnotes":""},"class_list":["post-7","page","type-page","status-publish","hentry"],"_links":{"self":[{"href":"https:\/\/lavantgarde.ch\/index.php?rest_route=\/wp\/v2\/pages\/7","targetHints":{"allow":["GET"]}}],"collection":[{"href":"https:\/\/lavantgarde.ch\/index.php?rest_route=\/wp\/v2\/pages"}],"about":[{"href":"https:\/\/lavantgarde.ch\/index.php?rest_route=\/wp\/v2\/types\/page"}],"author":[{"embeddable":true,"href":"https:\/\/lavantgarde.ch\/index.php?rest_route=\/wp\/v2\/users\/1"}],"replies":[{"embeddable":true,"href":"https:\/\/lavantgarde.ch\/index.php?rest_route=%2Fwp%2Fv2%2Fcomments&post=7"}],"version-history":[{"count":15,"href":"https:\/\/lavantgarde.ch\/index.php?rest_route=\/wp\/v2\/pages\/7\/revisions"}],"predecessor-version":[{"id":326,"href":"https:\/\/lavantgarde.ch\/index.php?rest_route=\/wp\/v2\/pages\/7\/revisions\/326"}],"wp:attachment":[{"href":"https:\/\/lavantgarde.ch\/index.php?rest_route=%2Fwp%2Fv2%2Fmedia&parent=7"}],"curies":[{"name":"wp","href":"https:\/\/api.w.org\/{rel}","templated":true}]}}